{"version":"1.0","provider_name":"National Forest Centre","provider_url":"https:\/\/web.nlcsk.org\/en\/","author_name":"administrator","author_url":"https:\/\/web.nlcsk.org\/en\/author\/adminnlc\/","title":"\u017div\u00e9 srdce pre les - Lesn\u00edcke dni 2019 - N\u00e1rodn\u00e9 lesn\u00edcke centrum","type":"rich","width":600,"height":338,"html":"<blockquote class=\"wp-embedded-content\"><a href=\"https:\/\/web.nlcsk.org\/en\/zive-srdce-pre-les-lesnicke-dni-2019\/\">\u017div\u00e9 srdce pre les &#8211; Lesn\u00edcke dni 2019<\/a><\/blockquote>\n<script type='text\/javascript'>\n<!--\/\/--><![CDATA[\/\/><!--\n\t\t\/*! This file is auto-generated *\/\n\t\t!function(d,l){\"use strict\";var e=!1,n=!1;if(l.querySelector)if(d.addEventListener)e=!0;if(d.wp=d.wp||{},!d.wp.receiveEmbedMessage)if(d.wp.receiveEmbedMessage=function(e){var t=e.data;if(t)if(t.secret||t.message||t.value)if(!\/[^a-zA-Z0-9]\/.test(t.secret)){for(var r,i,a,s=l.querySelectorAll('iframe[data-secret=\"'+t.secret+'\"]'),n=l.querySelectorAll('blockquote[data-secret=\"'+t.secret+'\"]'),o=new RegExp(\"^https?:$\",\"i\"),c=0;c<n.length;c++)n[c].style.display=\"none\";for(c=0;c<s.length;c++)if(r=s[c],e.source===r.contentWindow){if(r.removeAttribute(\"style\"),\"height\"===t.message){if(1e3<(a=parseInt(t.value,10)))a=1e3;else if(~~a<200)a=200;r.height=a}if(\"link\"===t.message)if(i=l.createElement(\"a\"),a=l.createElement(\"a\"),i.href=r.getAttribute(\"src\"),a.href=t.value,o.test(a.protocol))if(a.host===i.host)if(l.activeElement===r)d.top.location.href=t.value}}},e)d.addEventListener(\"message\",d.wp.receiveEmbedMessage,!1),l.addEventListener(\"DOMContentLoaded\",t,!1),d.addEventListener(\"load\",t,!1);function t(){if(!n){n=!0;for(var e,t,r=-1!==navigator.appVersion.indexOf(\"MSIE 10\"),i=!!navigator.userAgent.match(\/Trident.*rv:11\\.\/),a=l.querySelectorAll(\"iframe.wp-embedded-content\"),s=0;s<a.length;s++){if(!(e=a[s]).getAttribute(\"data-secret\"))t=Math.random().toString(36).substr(2,10),e.src+=\"#?secret=\"+t,e.setAttribute(\"data-secret\",t);if(r||i)(t=e.cloneNode(!0)).removeAttribute(\"security\"),e.parentNode.replaceChild(t,e)}}}}(window,document);\n\/\/--><!]]>\n<\/script><iframe sandbox=\"allow-scripts\" security=\"restricted\" src=\"https:\/\/web.nlcsk.org\/en\/zive-srdce-pre-les-lesnicke-dni-2019\/embed\/\" width=\"600\" height=\"338\" title=\"&#8220;\u017div\u00e9 srdce pre les &#8211; Lesn\u00edcke dni 2019&#8221; &#8212; N\u00e1rodn\u00e9 lesn\u00edcke centrum\" frameborder=\"0\" marginwidth=\"0\" marginheight=\"0\" scrolling=\"no\" class=\"wp-embedded-content\"><\/iframe>","description":"Apr\u00edl \u2013 mesiac lesov a\u00a0Lesn\u00edcke dni s\u00fa nerozlu\u010dne sp\u00e4t\u00e9 u\u017e nieko\u013eko rokov. 26. apr\u00edla 2019 bude vo Zvolene sl\u00e1vnostne otvoren\u00fd v\u00a0porad\u00ed u\u017e trin\u00e1sty ro\u010dn\u00edk tohto podujatia organizovan\u00e9ho pod z\u00e1\u0161titou ministerky p\u00f4dohospod\u00e1rstva a\u00a0rozvoja vidieka SR Gabriely Mate\u010dnej. Celodenn\u00fd program sa bude nies\u0165 v\u00a0duchu nosnej my\u0161lienky Les \u2013 \u017eiv\u00e1 u\u010deb\u0148a. Organiz\u00e1tori ka\u017ed\u00fd rok prich\u00e1dzaj\u00fa s\u00a0novou t\u00e9mou. Pre [&hellip;]"}