{"version":"1.0","provider_name":"National Forest Centre","provider_url":"https:\/\/web.nlcsk.org\/en\/","author_name":"administrator","author_url":"https:\/\/web.nlcsk.org\/en\/author\/adminnlc\/","title":"PO\u010eAKOVANIE A ROZL\u00da\u010cKA Ministerky Gabriely Mate\u010dnej - N\u00e1rodn\u00e9 lesn\u00edcke centrum","type":"rich","width":600,"height":338,"html":"<blockquote class=\"wp-embedded-content\"><a href=\"https:\/\/web.nlcsk.org\/en\/podakovanie-a-rozlucka-ministerky-gabriely-matecnej\/\">PO\u010eAKOVANIE A ROZL\u00da\u010cKA Ministerky Gabriely Mate\u010dnej<\/a><\/blockquote>\n<script type='text\/javascript'>\n<!--\/\/--><![CDATA[\/\/><!--\n\t\t\/*! This file is auto-generated *\/\n\t\t!function(d,l){\"use strict\";var e=!1,n=!1;if(l.querySelector)if(d.addEventListener)e=!0;if(d.wp=d.wp||{},!d.wp.receiveEmbedMessage)if(d.wp.receiveEmbedMessage=function(e){var t=e.data;if(t)if(t.secret||t.message||t.value)if(!\/[^a-zA-Z0-9]\/.test(t.secret)){for(var r,i,a,s=l.querySelectorAll('iframe[data-secret=\"'+t.secret+'\"]'),n=l.querySelectorAll('blockquote[data-secret=\"'+t.secret+'\"]'),o=new RegExp(\"^https?:$\",\"i\"),c=0;c<n.length;c++)n[c].style.display=\"none\";for(c=0;c<s.length;c++)if(r=s[c],e.source===r.contentWindow){if(r.removeAttribute(\"style\"),\"height\"===t.message){if(1e3<(a=parseInt(t.value,10)))a=1e3;else if(~~a<200)a=200;r.height=a}if(\"link\"===t.message)if(i=l.createElement(\"a\"),a=l.createElement(\"a\"),i.href=r.getAttribute(\"src\"),a.href=t.value,o.test(a.protocol))if(a.host===i.host)if(l.activeElement===r)d.top.location.href=t.value}}},e)d.addEventListener(\"message\",d.wp.receiveEmbedMessage,!1),l.addEventListener(\"DOMContentLoaded\",t,!1),d.addEventListener(\"load\",t,!1);function t(){if(!n){n=!0;for(var e,t,r=-1!==navigator.appVersion.indexOf(\"MSIE 10\"),i=!!navigator.userAgent.match(\/Trident.*rv:11\\.\/),a=l.querySelectorAll(\"iframe.wp-embedded-content\"),s=0;s<a.length;s++){if(!(e=a[s]).getAttribute(\"data-secret\"))t=Math.random().toString(36).substr(2,10),e.src+=\"#?secret=\"+t,e.setAttribute(\"data-secret\",t);if(r||i)(t=e.cloneNode(!0)).removeAttribute(\"security\"),e.parentNode.replaceChild(t,e)}}}}(window,document);\n\/\/--><!]]>\n<\/script><iframe sandbox=\"allow-scripts\" security=\"restricted\" src=\"https:\/\/web.nlcsk.org\/en\/podakovanie-a-rozlucka-ministerky-gabriely-matecnej\/embed\/\" width=\"600\" height=\"338\" title=\"&#8220;PO\u010eAKOVANIE A ROZL\u00da\u010cKA Ministerky Gabriely Mate\u010dnej&#8221; &#8212; N\u00e1rodn\u00e9 lesn\u00edcke centrum\" frameborder=\"0\" marginwidth=\"0\" marginheight=\"0\" scrolling=\"no\" class=\"wp-embedded-content\"><\/iframe>","description":"Moje mil\u00e9 kolegyne, mil\u00ed kolegovia! v\u0161etko sa raz za\u010d\u00edna a raz kon\u010d\u00ed.\u00a0Onedlho odovzd\u00e1m \u00farad ministrovi zo strany, ktor\u00e1 \u010dasto po\u010das \u0161tyroch rokov n\u00e1\u0161ho p\u00f4sobenia tvrdila, \u017ee sme tu neurobili ni\u010d, respekt\u00edve ni\u010d poriadne. Mrz\u00ed ma, \u017ee politika na Slovensku nepozn\u00e1 slu\u0161nos\u0165. Preto\u017ee aj opozi\u010dn\u00fd politik by mal vies\u0165 kon\u0161trukt\u00edvnu kritiku v\u00a0prospech na\u0161ej krajiny a mal [&hellip;]"}