{"version":"1.0","provider_name":"National Forest Centre","provider_url":"https:\/\/web.nlcsk.org\/en\/","author_name":"administrator","author_url":"https:\/\/web.nlcsk.org\/en\/author\/adminnlc\/","title":"N\u00e1rodn\u00e9 lesn\u00edcke centrum skr\u00e1\u0161\u013euje svoje okolie - N\u00e1rodn\u00e9 lesn\u00edcke centrum","type":"rich","width":600,"height":338,"html":"<blockquote class=\"wp-embedded-content\"><a href=\"https:\/\/web.nlcsk.org\/en\/narodne-lesnicke-centrum-skrasluje-svoje-okolie\/\">N\u00e1rodn\u00e9 lesn\u00edcke centrum skr\u00e1\u0161\u013euje svoje okolie<\/a><\/blockquote>\n<script type='text\/javascript'>\n<!--\/\/--><![CDATA[\/\/><!--\n\t\t\/*! This file is auto-generated *\/\n\t\t!function(d,l){\"use strict\";var e=!1,n=!1;if(l.querySelector)if(d.addEventListener)e=!0;if(d.wp=d.wp||{},!d.wp.receiveEmbedMessage)if(d.wp.receiveEmbedMessage=function(e){var t=e.data;if(t)if(t.secret||t.message||t.value)if(!\/[^a-zA-Z0-9]\/.test(t.secret)){for(var r,i,a,s=l.querySelectorAll('iframe[data-secret=\"'+t.secret+'\"]'),n=l.querySelectorAll('blockquote[data-secret=\"'+t.secret+'\"]'),o=new RegExp(\"^https?:$\",\"i\"),c=0;c<n.length;c++)n[c].style.display=\"none\";for(c=0;c<s.length;c++)if(r=s[c],e.source===r.contentWindow){if(r.removeAttribute(\"style\"),\"height\"===t.message){if(1e3<(a=parseInt(t.value,10)))a=1e3;else if(~~a<200)a=200;r.height=a}if(\"link\"===t.message)if(i=l.createElement(\"a\"),a=l.createElement(\"a\"),i.href=r.getAttribute(\"src\"),a.href=t.value,o.test(a.protocol))if(a.host===i.host)if(l.activeElement===r)d.top.location.href=t.value}}},e)d.addEventListener(\"message\",d.wp.receiveEmbedMessage,!1),l.addEventListener(\"DOMContentLoaded\",t,!1),d.addEventListener(\"load\",t,!1);function t(){if(!n){n=!0;for(var e,t,r=-1!==navigator.appVersion.indexOf(\"MSIE 10\"),i=!!navigator.userAgent.match(\/Trident.*rv:11\\.\/),a=l.querySelectorAll(\"iframe.wp-embedded-content\"),s=0;s<a.length;s++){if(!(e=a[s]).getAttribute(\"data-secret\"))t=Math.random().toString(36).substr(2,10),e.src+=\"#?secret=\"+t,e.setAttribute(\"data-secret\",t);if(r||i)(t=e.cloneNode(!0)).removeAttribute(\"security\"),e.parentNode.replaceChild(t,e)}}}}(window,document);\n\/\/--><!]]>\n<\/script><iframe sandbox=\"allow-scripts\" security=\"restricted\" src=\"https:\/\/web.nlcsk.org\/en\/narodne-lesnicke-centrum-skrasluje-svoje-okolie\/embed\/\" width=\"600\" height=\"338\" title=\"&#8220;N\u00e1rodn\u00e9 lesn\u00edcke centrum skr\u00e1\u0161\u013euje svoje okolie&#8221; &#8212; N\u00e1rodn\u00e9 lesn\u00edcke centrum\" frameborder=\"0\" marginwidth=\"0\" marginheight=\"0\" scrolling=\"no\" class=\"wp-embedded-content\"><\/iframe>","description":"Zvolen, 16. 04. 2019 V\u00a0utorok 16. apr\u00edla sa z\u00a0iniciat\u00edvy Refer\u00e1tu komunik\u00e1cie a\u00a0marketingu N\u00e1rodn\u00e9ho lesn\u00edckeho centra vo Zvolene zapojilo do akci\u00ed \u201eSpolu vyzbierame\/urob\u00edme viac 2019 a\u00a0De\u0148 Zeme\u201c \u00a028 pracovn\u00edkov tejto v\u00fdznamnej lesn\u00edckej in\u0161tit\u00facie. Plne si uvedomujeme spolo\u010densk\u00fa zodpovednos\u0165 na\u0161ej organiz\u00e1cie za na\u0161e okolie a\u00a0pova\u017eujeme za prirodzen\u00e9 aj tak\u00fdmto sp\u00f4sobom prispie\u0165 k\u00a0skr\u00e1\u0161leniu Zvolena \u2013 hlavn\u00e9ho mesta lesn\u00edctva. [&hellip;]"}