{"version":"1.0","provider_name":"National Forest Centre","provider_url":"https:\/\/web.nlcsk.org\/en\/","author_name":"administrator","author_url":"https:\/\/web.nlcsk.org\/en\/author\/adminnlc\/","title":"Kolekt\u00edvna zmluva vy\u0161\u0161ieho stup\u0148a - verejn\u00e1 spr\u00e1va - N\u00e1rodn\u00e9 lesn\u00edcke centrum","type":"rich","width":600,"height":338,"html":"<blockquote class=\"wp-embedded-content\"><a href=\"https:\/\/web.nlcsk.org\/en\/kolektivna-zmluva-vyssieho-stupna-verejna-sprava\/\">Kolekt\u00edvna zmluva vy\u0161\u0161ieho stup\u0148a &#8211; verejn\u00e1 spr\u00e1va<\/a><\/blockquote>\n<script type='text\/javascript'>\n<!--\/\/--><![CDATA[\/\/><!--\n\t\t\/*! This file is auto-generated *\/\n\t\t!function(d,l){\"use strict\";var e=!1,n=!1;if(l.querySelector)if(d.addEventListener)e=!0;if(d.wp=d.wp||{},!d.wp.receiveEmbedMessage)if(d.wp.receiveEmbedMessage=function(e){var t=e.data;if(t)if(t.secret||t.message||t.value)if(!\/[^a-zA-Z0-9]\/.test(t.secret)){for(var r,i,a,s=l.querySelectorAll('iframe[data-secret=\"'+t.secret+'\"]'),n=l.querySelectorAll('blockquote[data-secret=\"'+t.secret+'\"]'),o=new RegExp(\"^https?:$\",\"i\"),c=0;c<n.length;c++)n[c].style.display=\"none\";for(c=0;c<s.length;c++)if(r=s[c],e.source===r.contentWindow){if(r.removeAttribute(\"style\"),\"height\"===t.message){if(1e3<(a=parseInt(t.value,10)))a=1e3;else if(~~a<200)a=200;r.height=a}if(\"link\"===t.message)if(i=l.createElement(\"a\"),a=l.createElement(\"a\"),i.href=r.getAttribute(\"src\"),a.href=t.value,o.test(a.protocol))if(a.host===i.host)if(l.activeElement===r)d.top.location.href=t.value}}},e)d.addEventListener(\"message\",d.wp.receiveEmbedMessage,!1),l.addEventListener(\"DOMContentLoaded\",t,!1),d.addEventListener(\"load\",t,!1);function t(){if(!n){n=!0;for(var e,t,r=-1!==navigator.appVersion.indexOf(\"MSIE 10\"),i=!!navigator.userAgent.match(\/Trident.*rv:11\\.\/),a=l.querySelectorAll(\"iframe.wp-embedded-content\"),s=0;s<a.length;s++){if(!(e=a[s]).getAttribute(\"data-secret\"))t=Math.random().toString(36).substr(2,10),e.src+=\"#?secret=\"+t,e.setAttribute(\"data-secret\",t);if(r||i)(t=e.cloneNode(!0)).removeAttribute(\"security\"),e.parentNode.replaceChild(t,e)}}}}(window,document);\n\/\/--><!]]>\n<\/script><iframe sandbox=\"allow-scripts\" security=\"restricted\" src=\"https:\/\/web.nlcsk.org\/en\/kolektivna-zmluva-vyssieho-stupna-verejna-sprava\/embed\/\" width=\"600\" height=\"338\" title=\"&#8220;Kolekt\u00edvna zmluva vy\u0161\u0161ieho stup\u0148a &#8211; verejn\u00e1 spr\u00e1va&#8221; &#8212; N\u00e1rodn\u00e9 lesn\u00edcke centrum\" frameborder=\"0\" marginwidth=\"0\" marginheight=\"0\" scrolling=\"no\" class=\"wp-embedded-content\"><\/iframe>","description":"V\u00e1\u017een\u00e9 kolegyne a v\u00e1\u017een\u00ed kolegovia, dovo\u013eujem si V\u00e1m ozn\u00e1mi\u0165, \u017ee Kolekt\u00edvna zmluva vy\u0161\u0161ieho stup\u0148a (v\u00fdkon pr\u00e1c vo verejnom z\u00e1ujme)na roky 2019\u20132020, je platn\u00e1. Kolekt\u00edvne vyjedn\u00e1vanie vo veci Kolekt\u00edvnej zmluvy NLC na rok 2019 je v z\u00e1vere\u010dnej f\u00e1ze. S prian\u00edm v\u0161etk\u00e9ho dobr\u00e9ho, Milan Lich\u00fd, predseda ZZV ZO OZ DLV pri NLC"}