{"version":"1.0","provider_name":"National Forest Centre","provider_url":"https:\/\/web.nlcsk.org\/en\/","author_name":"Igor Viszlai","author_url":"https:\/\/web.nlcsk.org\/en\/author\/igor-viszlai\/","title":"Do pr\u00e1ce na bicykli 2021 - N\u00e1rodn\u00e9 lesn\u00edcke centrum","type":"rich","width":600,"height":338,"html":"<blockquote class=\"wp-embedded-content\"><a href=\"https:\/\/web.nlcsk.org\/en\/do-prace-na-bicykli-2021\/\">Do pr\u00e1ce na bicykli 2021<\/a><\/blockquote>\n<script type='text\/javascript'>\n<!--\/\/--><![CDATA[\/\/><!--\n\t\t\/*! This file is auto-generated *\/\n\t\t!function(d,l){\"use strict\";var e=!1,n=!1;if(l.querySelector)if(d.addEventListener)e=!0;if(d.wp=d.wp||{},!d.wp.receiveEmbedMessage)if(d.wp.receiveEmbedMessage=function(e){var t=e.data;if(t)if(t.secret||t.message||t.value)if(!\/[^a-zA-Z0-9]\/.test(t.secret)){for(var r,i,a,s=l.querySelectorAll('iframe[data-secret=\"'+t.secret+'\"]'),n=l.querySelectorAll('blockquote[data-secret=\"'+t.secret+'\"]'),o=new RegExp(\"^https?:$\",\"i\"),c=0;c<n.length;c++)n[c].style.display=\"none\";for(c=0;c<s.length;c++)if(r=s[c],e.source===r.contentWindow){if(r.removeAttribute(\"style\"),\"height\"===t.message){if(1e3<(a=parseInt(t.value,10)))a=1e3;else if(~~a<200)a=200;r.height=a}if(\"link\"===t.message)if(i=l.createElement(\"a\"),a=l.createElement(\"a\"),i.href=r.getAttribute(\"src\"),a.href=t.value,o.test(a.protocol))if(a.host===i.host)if(l.activeElement===r)d.top.location.href=t.value}}},e)d.addEventListener(\"message\",d.wp.receiveEmbedMessage,!1),l.addEventListener(\"DOMContentLoaded\",t,!1),d.addEventListener(\"load\",t,!1);function t(){if(!n){n=!0;for(var e,t,r=-1!==navigator.appVersion.indexOf(\"MSIE 10\"),i=!!navigator.userAgent.match(\/Trident.*rv:11\\.\/),a=l.querySelectorAll(\"iframe.wp-embedded-content\"),s=0;s<a.length;s++){if(!(e=a[s]).getAttribute(\"data-secret\"))t=Math.random().toString(36).substr(2,10),e.src+=\"#?secret=\"+t,e.setAttribute(\"data-secret\",t);if(r||i)(t=e.cloneNode(!0)).removeAttribute(\"security\"),e.parentNode.replaceChild(t,e)}}}}(window,document);\n\/\/--><!]]>\n<\/script><iframe sandbox=\"allow-scripts\" security=\"restricted\" src=\"https:\/\/web.nlcsk.org\/en\/do-prace-na-bicykli-2021\/embed\/\" width=\"600\" height=\"338\" title=\"&#8220;Do pr\u00e1ce na bicykli 2021&#8221; &#8212; N\u00e1rodn\u00e9 lesn\u00edcke centrum\" frameborder=\"0\" marginwidth=\"0\" marginheight=\"0\" scrolling=\"no\" class=\"wp-embedded-content\"><\/iframe>","description":"V\u00e1\u017een\u00e9\u00a0kolegyne\u00a0a\u00a0kolegovia, N\u00e1rodn\u00e9 lesn\u00edcke centrum op\u00e4\u0165 prejavilo z\u00e1ujem zapoji\u0165 sa do kampane \u201cDo pr\u00e1ce na bicykli 2021\u201d. Podmienkou je zostavi\u0165 minim\u00e1lne jeden (a viac) 2 \u2013 4 \u010dlenn\u00fd t\u00edm, ktor\u00e9ho \u010dlenovia bud\u00fa v priebehu j\u00fana 2021 doch\u00e1dza\u0165 do pr\u00e1ce na bicykli a bud\u00fa si o tom vies\u0165 evidenciu na internetovej str\u00e1nke. Viac inform\u00e1cii o tejto kampani [&hellip;]"}