{"version":"1.0","provider_name":"National Forest Centre","provider_url":"https:\/\/web.nlcsk.org\/en\/","author_name":"Igor Viszlai","author_url":"https:\/\/web.nlcsk.org\/en\/author\/igor-viszlai\/","title":"20 rokov lesnej pedagogiky na Slovensku - N\u00e1rodn\u00e9 lesn\u00edcke centrum","type":"rich","width":600,"height":338,"html":"<blockquote class=\"wp-embedded-content\"><a href=\"https:\/\/web.nlcsk.org\/en\/20-rokov-lesnej-pedagogiky-na-slovensku-2\/\">20 rokov lesnej pedagogiky na Slovensku<\/a><\/blockquote>\n<script type='text\/javascript'>\n<!--\/\/--><![CDATA[\/\/><!--\n\t\t\/*! This file is auto-generated *\/\n\t\t!function(d,l){\"use strict\";var e=!1,n=!1;if(l.querySelector)if(d.addEventListener)e=!0;if(d.wp=d.wp||{},!d.wp.receiveEmbedMessage)if(d.wp.receiveEmbedMessage=function(e){var t=e.data;if(t)if(t.secret||t.message||t.value)if(!\/[^a-zA-Z0-9]\/.test(t.secret)){for(var r,i,a,s=l.querySelectorAll('iframe[data-secret=\"'+t.secret+'\"]'),n=l.querySelectorAll('blockquote[data-secret=\"'+t.secret+'\"]'),o=new RegExp(\"^https?:$\",\"i\"),c=0;c<n.length;c++)n[c].style.display=\"none\";for(c=0;c<s.length;c++)if(r=s[c],e.source===r.contentWindow){if(r.removeAttribute(\"style\"),\"height\"===t.message){if(1e3<(a=parseInt(t.value,10)))a=1e3;else if(~~a<200)a=200;r.height=a}if(\"link\"===t.message)if(i=l.createElement(\"a\"),a=l.createElement(\"a\"),i.href=r.getAttribute(\"src\"),a.href=t.value,o.test(a.protocol))if(a.host===i.host)if(l.activeElement===r)d.top.location.href=t.value}}},e)d.addEventListener(\"message\",d.wp.receiveEmbedMessage,!1),l.addEventListener(\"DOMContentLoaded\",t,!1),d.addEventListener(\"load\",t,!1);function t(){if(!n){n=!0;for(var e,t,r=-1!==navigator.appVersion.indexOf(\"MSIE 10\"),i=!!navigator.userAgent.match(\/Trident.*rv:11\\.\/),a=l.querySelectorAll(\"iframe.wp-embedded-content\"),s=0;s<a.length;s++){if(!(e=a[s]).getAttribute(\"data-secret\"))t=Math.random().toString(36).substr(2,10),e.src+=\"#?secret=\"+t,e.setAttribute(\"data-secret\",t);if(r||i)(t=e.cloneNode(!0)).removeAttribute(\"security\"),e.parentNode.replaceChild(t,e)}}}}(window,document);\n\/\/--><!]]>\n<\/script><iframe sandbox=\"allow-scripts\" security=\"restricted\" src=\"https:\/\/web.nlcsk.org\/en\/20-rokov-lesnej-pedagogiky-na-slovensku-2\/embed\/\" width=\"600\" height=\"338\" title=\"&#8220;20 rokov lesnej pedagogiky na Slovensku&#8221; &#8212; N\u00e1rodn\u00e9 lesn\u00edcke centrum\" frameborder=\"0\" marginwidth=\"0\" marginheight=\"0\" scrolling=\"no\" class=\"wp-embedded-content\"><\/iframe>","description":"Zvolen, 15. febru\u00e1ra 2021 \u2013 N\u00e1rodn\u00e9 lesn\u00edcke centrum \u2013 \u00dastav lesn\u00edckeho poradenstva a\u00a0vzdel\u00e1vania Zvolen (NLC \u2013 \u00daLPV Zvolen) si pripom\u00edna 20 rokov lesnej pedagogiky ako s\u00fa\u010dasti environment\u00e1lneho vzdel\u00e1vania na Slovensku. \u00a0V\u00a0roku 2021 uplynie 20 rokov, kedy boli v\u00a0Rak\u00fasku vy\u0161kolen\u00e9 prv\u00e9 dve slovensk\u00e9 lesn\u00e9 pedagogi\u010dky. Tento moment sa pova\u017euje za \u0161tart lesnej pedagogiky na Slovensku a\u00a0z\u00e1rove\u0148 [&hellip;]"}